{"id":6754,"date":"2020-04-13T06:06:37","date_gmt":"2020-04-13T06:06:37","guid":{"rendered":"https:\/\/finimo.be\/intercommunale\/?page_id=6754"},"modified":"2020-04-16T10:45:00","modified_gmt":"2020-04-16T10:45:00","slug":"liens-utiles","status":"publish","type":"page","link":"https:\/\/www.finimo.be\/intercommunale\/liens-utiles\/","title":{"rendered":"Liens utiles"},"content":{"rendered":"\t\t<div data-elementor-type=\"wp-page\" data-elementor-id=\"6754\" class=\"elementor elementor-6754\">\n\t\t\t\t\t\t<section class=\"elementor-section elementor-top-section elementor-element elementor-element-8ba714a elementor-section-boxed elementor-section-height-default elementor-section-height-default\" data-id=\"8ba714a\" data-element_type=\"section\">\n\t\t\t\t\t\t<div class=\"elementor-container elementor-column-gap-default\">\n\t\t\t\t\t<div class=\"elementor-column elementor-col-100 elementor-top-column elementor-element elementor-element-847eecb\" data-id=\"847eecb\" data-element_type=\"column\">\n\t\t\t<div class=\"elementor-widget-wrap elementor-element-populated\">\n\t\t\t\t\t\t<div class=\"elementor-element elementor-element-b40be4a elementor-widget elementor-widget-text-editor\" data-id=\"b40be4a\" data-element_type=\"widget\" data-widget_type=\"text-editor.default\">\n\t\t\t\t<div class=\"elementor-widget-container\">\n\t\t\t\t\t\t\t\t\t<table width=\"514\">\n<tbody>\n<tr>\n<td width=\"148\">\n<p><a href=\"http:\/\/www.electrabel.com\/homepage\/index_FR.asp?timstp=1212306230687\">ORES<\/a><\/p>\n<\/td>\n<td width=\"360\">\n<p>Gestionnaire de r\u00e9seau de distribution<\/p>\n<\/td>\n<\/tr>\n<tr>\n<td width=\"148\">\n<p><a href=\"http:\/\/www.elia.be\">ELIA<\/a><\/p>\n<\/td>\n<td width=\"360\">\n<p>Gestionnaire de r\u00e9seaux de transport d\u2019\u00e9lectricit\u00e9<\/p>\n<\/td>\n<\/tr>\n<tr>\n<td width=\"148\">\n<p><a href=\"http:\/\/www.intermixt.be\/fra\/Secretariaatsondersteuning\/Pages\/PubliT.aspx\">PUBLI-T<\/a><\/p>\n<\/td>\n<td width=\"360\">\n<p>Holding communal pour le r\u00e9seau de transport d\u2019\u00e9lectricit\u00e9 belge<\/p>\n<\/td>\n<\/tr>\n<tr>\n<td width=\"148\">\n<p><a href=\"http:\/\/www.fluxys.be\">FLUXYS<\/a><\/p>\n<\/td>\n<td width=\"360\">\n<p>Gestionnaire de r\u00e9seaux de transport de gaz<\/p>\n<\/td>\n<\/tr>\n<tr>\n<td width=\"148\">\n<p><a href=\"http:\/\/www.intermixt.be\/fra\/Secretariaatsondersteuning\/Pages\/Publigaz.aspx\">PUBLIGAZ<\/a><\/p>\n<\/td>\n<td>\n<p>Holding communal pour le r\u00e9seau de transport du gaz<\/p>\n<\/td>\n<\/tr>\n<\/tbody>\n<\/table>\n\t\t\t\t\t\t\t\t<\/div>\n\t\t\t\t<\/div>\n\t\t\t\t\t<\/div>\n\t\t<\/div>\n\t\t\t\t\t<\/div>\n\t\t<\/section>\n\t\t\t\t<\/div>\n\t\t","protected":false},"excerpt":{"rendered":"<p>ORES Gestionnaire de r\u00e9seau de distribution ELIA Gestionnaire de r\u00e9seaux de transport d\u2019\u00e9lectricit\u00e9 PUBLI-T Holding communal pour le r\u00e9seau de transport d\u2019\u00e9lectricit\u00e9 belge FLUXYS Gestionnaire de r\u00e9seaux de transport de gaz PUBLIGAZ Holding communal pour le r\u00e9seau de transport du gaz<\/p>\n","protected":false},"author":1,"featured_media":0,"parent":0,"menu_order":0,"comment_status":"closed","ping_status":"closed","template":"","meta":{"footnotes":""},"class_list":["post-6754","page","type-page","status-publish","hentry"],"_links":{"self":[{"href":"https:\/\/www.finimo.be\/intercommunale\/wp-json\/wp\/v2\/pages\/6754","targetHints":{"allow":["GET"]}}],"collection":[{"href":"https:\/\/www.finimo.be\/intercommunale\/wp-json\/wp\/v2\/pages"}],"about":[{"href":"https:\/\/www.finimo.be\/intercommunale\/wp-json\/wp\/v2\/types\/page"}],"author":[{"embeddable":true,"href":"https:\/\/www.finimo.be\/intercommunale\/wp-json\/wp\/v2\/users\/1"}],"replies":[{"embeddable":true,"href":"https:\/\/www.finimo.be\/intercommunale\/wp-json\/wp\/v2\/comments?post=6754"}],"version-history":[{"count":3,"href":"https:\/\/www.finimo.be\/intercommunale\/wp-json\/wp\/v2\/pages\/6754\/revisions"}],"predecessor-version":[{"id":6842,"href":"https:\/\/www.finimo.be\/intercommunale\/wp-json\/wp\/v2\/pages\/6754\/revisions\/6842"}],"wp:attachment":[{"href":"https:\/\/www.finimo.be\/intercommunale\/wp-json\/wp\/v2\/media?parent=6754"}],"curies":[{"name":"wp","href":"https:\/\/api.w.org\/{rel}","templated":true}]}}